{"id":7146,"date":"2025-03-07T15:34:57","date_gmt":"2025-03-07T14:34:57","guid":{"rendered":"https:\/\/sensacionarabe.com\/Mayoristas\/producto\/afnan-9am-rebel-eau-de-perfum-100ml\/"},"modified":"2026-01-07T11:34:59","modified_gmt":"2026-01-07T10:34:59","slug":"afnan-9am-rebel-eau-de-perfum-100ml","status":"publish","type":"product","link":"https:\/\/sensacionarabe.com\/Mayoristas\/producto\/afnan-9am-rebel-eau-de-perfum-100ml\/","title":{"rendered":"Afnan 9pm rebel  Eau de Perfum 100ml"},"content":{"rendered":"<p>Notas de cabeza\tmandarina, pi\u00f1a, manzana Granny Smith<br \/>\nNotas de coraz\u00f3n\tmadera de cedro, musgo de roble, vainilla<br \/>\nNotas de fondo\tcaramelo, notas de madera seca, \u00e1mbar gris, almizcle<br \/>\nTipo de fragancia\tfrutales, amaderadas<br \/>\n\u00bfEres rebelde? El eau de parfum Afnan 9 PM Rebel romper\u00e1 todas las reglas. Combina acordes frutales, amaderados y de \u00e1mbar de primera calidad, dando lugar a una composici\u00f3n juvenil y elegante que atraer\u00e1 a todo el mundo independientemente de su sexo.<\/p>\n<p>fragancia frutal y amaderada con notas de fondo de \u00e1mbar gris<br \/>\nun equilibrio perfecto entre frescor, elegancia y sensualidad<br \/>\nunisex<br \/>\nComposici\u00f3n de la fragancia:<br \/>\nLa fragancia te envolver\u00e1 con una combinaci\u00f3n fresca de jugosa mandarina, pi\u00f1a dulce y manzana Granny Smith. A continuaci\u00f3n, surgen unas notas m\u00e1s profundas de madera de cedro, musgo de roble y suave vainilla que aportan una capa sofisticada a la composici\u00f3n. El cierre se compone de caramelo, acordes secos y amaderados, \u00e1mbar gris y sensual almizcle.<\/p>\n","protected":false},"excerpt":{"rendered":"<p>Notas de cabeza mandarina, pi\u00f1a, manzana Granny Smith Notas de coraz\u00f3n madera de cedro, musgo de roble, vainilla Notas de fondo caramelo, notas de madera seca, \u00e1mbar gris, almizcle Tipo de fragancia frutales, amaderadas \u00bfEres rebelde? El eau de parfum Afnan 9 PM Rebel romper\u00e1 todas las reglas. Combina acordes frutales, amaderados y de \u00e1mbar [&hellip;]<\/p>\n","protected":false},"featured_media":7144,"comment_status":"open","ping_status":"closed","template":"","meta":{"nf_dc_page":"","_uag_custom_page_level_css":"","site-sidebar-layout":"default","site-content-layout":"","ast-site-content-layout":"default","site-content-style":"default","site-sidebar-style":"default","ast-global-header-display":"","ast-banner-title-visibility":"","ast-main-header-display":"","ast-hfb-above-header-display":"","ast-hfb-below-header-display":"","ast-hfb-mobile-header-display":"","site-post-title":"","ast-breadcrumbs-content":"","ast-featured-img":"","footer-sml-layout":"","ast-disable-related-posts":"","theme-transparent-header-meta":"","adv-header-id-meta":"","stick-header-meta":"","header-above-stick-meta":"","header-main-stick-meta":"","header-below-stick-meta":"","astra-migrate-meta-layouts":"default","ast-page-background-enabled":"default","ast-page-background-meta":{"desktop":{"background-color":"","background-image":"","background-repeat":"repeat","background-position":"center center","background-size":"auto","background-attachment":"scroll","background-type":"","background-media":"","overlay-type":"","overlay-color":"","overlay-opacity":"","overlay-gradient":""},"tablet":{"background-color":"","background-image":"","background-repeat":"repeat","background-position":"center center","background-size":"auto","background-attachment":"scroll","background-type":"","background-media":"","overlay-type":"","overlay-color":"","overlay-opacity":"","overlay-gradient":""},"mobile":{"background-color":"","background-image":"","background-repeat":"repeat","background-position":"center center","background-size":"auto","background-attachment":"scroll","background-type":"","background-media":"","overlay-type":"","overlay-color":"","overlay-opacity":"","overlay-gradient":""}},"ast-content-background-meta":{"desktop":{"background-color":"var(--ast-global-color-5)","background-image":"","background-repeat":"repeat","background-position":"center center","background-size":"auto","background-attachment":"scroll","background-type":"","background-media":"","overlay-type":"","overlay-color":"","overlay-opacity":"","overlay-gradient":""},"tablet":{"background-color":"var(--ast-global-color-5)","background-image":"","background-repeat":"repeat","background-position":"center center","background-size":"auto","background-attachment":"scroll","background-type":"","background-media":"","overlay-type":"","overlay-color":"","overlay-opacity":"","overlay-gradient":""},"mobile":{"background-color":"var(--ast-global-color-5)","background-image":"","background-repeat":"repeat","background-position":"center center","background-size":"auto","background-attachment":"scroll","background-type":"","background-media":"","overlay-type":"","overlay-color":"","overlay-opacity":"","overlay-gradient":""}}},"product_brand":[],"product_cat":[29],"product_tag":[68],"class_list":{"0":"post-7146","1":"product","2":"type-product","3":"status-publish","4":"has-post-thumbnail","6":"product_cat-unisex","7":"product_tag-afnan","8":"desktop-align-left","9":"tablet-align-left","10":"mobile-align-left","12":"first","13":"instock","14":"taxable","15":"shipping-taxable","16":"purchasable","17":"product-type-simple"},"uagb_featured_image_src":{"full":["https:\/\/sensacionarabe.com\/Mayoristas\/wp-content\/uploads\/2025\/03\/1000086324.jpg",875,903,false],"thumbnail":["https:\/\/sensacionarabe.com\/Mayoristas\/wp-content\/uploads\/2025\/03\/1000086324-150x150.jpg",150,150,true],"medium":["https:\/\/sensacionarabe.com\/Mayoristas\/wp-content\/uploads\/2025\/03\/1000086324-291x300.jpg",291,300,true],"medium_large":["https:\/\/sensacionarabe.com\/Mayoristas\/wp-content\/uploads\/2025\/03\/1000086324-768x793.jpg",768,793,true],"large":["https:\/\/sensacionarabe.com\/Mayoristas\/wp-content\/uploads\/2025\/03\/1000086324.jpg",875,903,false],"1536x1536":["https:\/\/sensacionarabe.com\/Mayoristas\/wp-content\/uploads\/2025\/03\/1000086324.jpg",875,903,false],"2048x2048":["https:\/\/sensacionarabe.com\/Mayoristas\/wp-content\/uploads\/2025\/03\/1000086324.jpg",875,903,false],"woocommerce_thumbnail":["https:\/\/sensacionarabe.com\/Mayoristas\/wp-content\/uploads\/2025\/03\/1000086324-300x300.jpg",300,300,true],"woocommerce_single":["https:\/\/sensacionarabe.com\/Mayoristas\/wp-content\/uploads\/2025\/03\/1000086324-600x619.jpg",600,619,true],"woocommerce_gallery_thumbnail":["https:\/\/sensacionarabe.com\/Mayoristas\/wp-content\/uploads\/2025\/03\/1000086324-100x100.jpg",100,100,true],"variation_swatches_image_size":["https:\/\/sensacionarabe.com\/Mayoristas\/wp-content\/uploads\/2025\/03\/1000086324.jpg",48,50,false],"variation_swatches_tooltip_size":["https:\/\/sensacionarabe.com\/Mayoristas\/wp-content\/uploads\/2025\/03\/1000086324.jpg",97,100,false]},"uagb_author_info":{"display_name":"admin","author_link":"https:\/\/sensacionarabe.com\/Mayoristas\/author\/"},"uagb_comment_info":0,"uagb_excerpt":"Notas de cabeza mandarina, pi\u00f1a, manzana Granny Smith Notas de coraz\u00f3n madera de cedro, musgo de roble, vainilla Notas de fondo caramelo, notas de madera seca, \u00e1mbar gris, almizcle Tipo de fragancia frutales, amaderadas \u00bfEres rebelde? El eau de parfum Afnan 9 PM Rebel romper\u00e1 todas las reglas. Combina acordes frutales, amaderados y de \u00e1mbar&hellip;","_links":{"self":[{"href":"https:\/\/sensacionarabe.com\/Mayoristas\/wp-json\/wp\/v2\/product\/7146","targetHints":{"allow":["GET"]}}],"collection":[{"href":"https:\/\/sensacionarabe.com\/Mayoristas\/wp-json\/wp\/v2\/product"}],"about":[{"href":"https:\/\/sensacionarabe.com\/Mayoristas\/wp-json\/wp\/v2\/types\/product"}],"replies":[{"embeddable":true,"href":"https:\/\/sensacionarabe.com\/Mayoristas\/wp-json\/wp\/v2\/comments?post=7146"}],"version-history":[{"count":2,"href":"https:\/\/sensacionarabe.com\/Mayoristas\/wp-json\/wp\/v2\/product\/7146\/revisions"}],"predecessor-version":[{"id":9126,"href":"https:\/\/sensacionarabe.com\/Mayoristas\/wp-json\/wp\/v2\/product\/7146\/revisions\/9126"}],"wp:featuredmedia":[{"embeddable":true,"href":"https:\/\/sensacionarabe.com\/Mayoristas\/wp-json\/wp\/v2\/media\/7144"}],"wp:attachment":[{"href":"https:\/\/sensacionarabe.com\/Mayoristas\/wp-json\/wp\/v2\/media?parent=7146"}],"wp:term":[{"taxonomy":"product_brand","embeddable":true,"href":"https:\/\/sensacionarabe.com\/Mayoristas\/wp-json\/wp\/v2\/product_brand?post=7146"},{"taxonomy":"product_cat","embeddable":true,"href":"https:\/\/sensacionarabe.com\/Mayoristas\/wp-json\/wp\/v2\/product_cat?post=7146"},{"taxonomy":"product_tag","embeddable":true,"href":"https:\/\/sensacionarabe.com\/Mayoristas\/wp-json\/wp\/v2\/product_tag?post=7146"}],"curies":[{"name":"wp","href":"https:\/\/api.w.org\/{rel}","templated":true}]}}